{"id":627,"date":"2020-10-27T15:23:10","date_gmt":"2020-10-27T14:23:10","guid":{"rendered":"http:\/\/arborescence-design.com\/?page_id=627"},"modified":"2022-03-09T17:01:57","modified_gmt":"2022-03-09T16:01:57","slug":"evenements","status":"publish","type":"page","link":"https:\/\/arborescence-design.com\/index.php\/evenements\/","title":{"rendered":"Evenements"},"content":{"rendered":"\n<div class=\"wp-block-columns is-layout-flex wp-container-core-columns-is-layout-9d6595d7 wp-block-columns-is-layout-flex\">\n<div class=\"wp-block-column is-layout-flow wp-block-column-is-layout-flow\">\n<figure class=\"wp-block-image size-large\"><img loading=\"lazy\" decoding=\"async\" width=\"1024\" height=\"724\" src=\"https:\/\/arborescence-design.com\/wp-content\/uploads\/2021\/11\/salon-SPIC-1024x724.jpg\" alt=\"\" class=\"wp-image-831\" srcset=\"https:\/\/arborescence-design.com\/wp-content\/uploads\/2021\/11\/salon-SPIC-1024x724.jpg 1024w, https:\/\/arborescence-design.com\/wp-content\/uploads\/2021\/11\/salon-SPIC-300x212.jpg 300w, https:\/\/arborescence-design.com\/wp-content\/uploads\/2021\/11\/salon-SPIC-768x543.jpg 768w, https:\/\/arborescence-design.com\/wp-content\/uploads\/2021\/11\/salon-SPIC-1536x1086.jpg 1536w, https:\/\/arborescence-design.com\/wp-content\/uploads\/2021\/11\/salon-SPIC-2048x1448.jpg 2048w\" sizes=\"auto, (max-width: 767px) 89vw, (max-width: 1000px) 54vw, (max-width: 1071px) 543px, 580px\" \/><\/figure>\n<\/div>\n\n\n\n<div class=\"wp-block-column is-layout-flow wp-block-column-is-layout-flow\">\n<figure class=\"wp-block-image size-full\"><img loading=\"lazy\" decoding=\"async\" width=\"750\" height=\"374\" src=\"https:\/\/arborescence-design.com\/wp-content\/uploads\/2021\/11\/art.jpg\" alt=\"\" class=\"wp-image-832\" srcset=\"https:\/\/arborescence-design.com\/wp-content\/uploads\/2021\/11\/art.jpg 750w, https:\/\/arborescence-design.com\/wp-content\/uploads\/2021\/11\/art-300x150.jpg 300w\" sizes=\"auto, (max-width: 706px) 89vw, (max-width: 767px) 82vw, 740px\" \/><\/figure>\n<\/div>\n\n\n\n<div class=\"wp-block-column is-layout-flow wp-block-column-is-layout-flow\">\n<figure class=\"wp-block-image size-full\"><img loading=\"lazy\" decoding=\"async\" width=\"425\" height=\"425\" src=\"https:\/\/arborescence-design.com\/wp-content\/uploads\/2022\/03\/MO-Kit-Generique-Carre-see-you.jpg\" alt=\"\" class=\"wp-image-846\" srcset=\"https:\/\/arborescence-design.com\/wp-content\/uploads\/2022\/03\/MO-Kit-Generique-Carre-see-you.jpg 425w, https:\/\/arborescence-design.com\/wp-content\/uploads\/2022\/03\/MO-Kit-Generique-Carre-see-you-300x300.jpg 300w, https:\/\/arborescence-design.com\/wp-content\/uploads\/2022\/03\/MO-Kit-Generique-Carre-see-you-150x150.jpg 150w, https:\/\/arborescence-design.com\/wp-content\/uploads\/2022\/03\/MO-Kit-Generique-Carre-see-you-100x100.jpg 100w\" sizes=\"auto, (max-width: 425px) 100vw, 425px\" \/><\/figure>\n<\/div>\n<\/div>\n\n\n\n<div class=\"wp-block-columns is-layout-flex wp-container-core-columns-is-layout-9d6595d7 wp-block-columns-is-layout-flex\">\n<div class=\"wp-block-column is-layout-flow wp-block-column-is-layout-flow\">\n<h3 class=\"has-text-align-center wp-block-heading\">Salon international du patrimoine culturel 2021 au carrousel du Louvre<\/h3>\n\n\n\n<p class=\"has-text-align-center\"><em>Du 28 au 31 octobre 2021<\/em><\/p>\n<\/div>\n\n\n\n<div class=\"wp-block-column is-layout-flow wp-block-column-is-layout-flow\">\n<h3 class=\"has-text-align-center wp-block-heading\">Salon week-end du design &amp; des Arts&nbsp;Au palais des congr\u00e8s de Juan les pins<\/h3>\n\n\n\n<p class=\"has-text-align-center\"><em>Du 3 au 5 d\u00e9cembre 2021 (stand 8)<\/em><\/p>\n<\/div>\n\n\n\n<div class=\"wp-block-column is-layout-flow wp-block-column-is-layout-flow\">\n<h3 class=\"has-text-align-center wp-block-heading\">Maison &amp; objet 2022 paris &#8211; Craft-hall 5A-stand J21<\/h3>\n\n\n\n<p class=\"has-text-align-center\"><em>Du 24 au 28 mars 2022<\/em><\/p>\n<\/div>\n<\/div>\n\n\n\n<div class=\"wp-block-image\"><figure class=\"aligncenter size-full\"><img loading=\"lazy\" decoding=\"async\" width=\"1024\" height=\"768\" src=\"https:\/\/arborescence-design.com\/wp-content\/uploads\/2021\/11\/macron.jpg\" alt=\"\" class=\"wp-image-834\" srcset=\"https:\/\/arborescence-design.com\/wp-content\/uploads\/2021\/11\/macron.jpg 1024w, https:\/\/arborescence-design.com\/wp-content\/uploads\/2021\/11\/macron-300x225.jpg 300w, https:\/\/arborescence-design.com\/wp-content\/uploads\/2021\/11\/macron-768x576.jpg 768w\" sizes=\"auto, (max-width: 767px) 89vw, (max-width: 1000px) 54vw, (max-width: 1071px) 543px, 580px\" \/><figcaption><strong>Visite Minist\u00e9rielle en pr\u00e9sence de la premi\u00e8re dame Madame Brigitte Macron<\/strong><\/figcaption><\/figure><\/div>\n","protected":false},"excerpt":{"rendered":"<p>Salon international du patrimoine culturel 2021 au carrousel du Louvre Du 28 au 31 octobre 2021 Salon week-end du design &amp; des Arts&nbsp;Au palais des congr\u00e8s de Juan les pins Du 3 au 5 d\u00e9cembre 2021 (stand 8) Maison &amp; objet 2022 paris &#8211; Craft-hall 5A-stand J21 Du 24 au 28 mars 2022<\/p>\n","protected":false},"author":2,"featured_media":0,"parent":0,"menu_order":0,"comment_status":"closed","ping_status":"closed","template":"collection-page.php","meta":{"footnotes":""},"class_list":["post-627","page","type-page","status-publish","hentry"],"yoast_head":"<!-- This site is optimized with the Yoast SEO plugin v26.4 - https:\/\/yoast.com\/wordpress\/plugins\/seo\/ -->\n<title>Evenements - Arborescence Design<\/title>\n<meta name=\"robots\" content=\"index, follow, max-snippet:-1, max-image-preview:large, max-video-preview:-1\" \/>\n<link rel=\"canonical\" href=\"https:\/\/arborescence-design.com\/index.php\/evenements\/\" \/>\n<meta property=\"og:locale\" content=\"fr_FR\" \/>\n<meta property=\"og:type\" content=\"article\" \/>\n<meta property=\"og:title\" content=\"Evenements - Arborescence Design\" \/>\n<meta property=\"og:description\" content=\"Salon international du patrimoine culturel 2021 au carrousel du Louvre Du 28 au 31 octobre 2021 Salon week-end du design &amp; des Arts&nbsp;Au palais des congr\u00e8s de Juan les pins Du 3 au 5 d\u00e9cembre 2021 (stand 8) Maison &amp; objet 2022 paris &#8211; Craft-hall 5A-stand J21 Du 24 au 28 mars 2022\" \/>\n<meta property=\"og:url\" content=\"https:\/\/arborescence-design.com\/index.php\/evenements\/\" \/>\n<meta property=\"og:site_name\" content=\"Arborescence Design\" \/>\n<meta property=\"article:modified_time\" content=\"2022-03-09T16:01:57+00:00\" \/>\n<meta property=\"og:image\" content=\"https:\/\/arborescence-design.com\/wp-content\/uploads\/2021\/11\/salon-SPIC-1024x724.jpg\" \/>\n<meta name=\"twitter:card\" content=\"summary_large_image\" \/>\n<meta name=\"twitter:label1\" content=\"Dur\u00e9e de lecture estim\u00e9e\" \/>\n\t<meta name=\"twitter:data1\" content=\"2 minutes\" \/>\n<script type=\"application\/ld+json\" class=\"yoast-schema-graph\">{\"@context\":\"https:\/\/schema.org\",\"@graph\":[{\"@type\":\"WebPage\",\"@id\":\"https:\/\/arborescence-design.com\/index.php\/evenements\/\",\"url\":\"https:\/\/arborescence-design.com\/index.php\/evenements\/\",\"name\":\"Evenements - Arborescence Design\",\"isPartOf\":{\"@id\":\"https:\/\/arborescence-design.com\/#website\"},\"primaryImageOfPage\":{\"@id\":\"https:\/\/arborescence-design.com\/index.php\/evenements\/#primaryimage\"},\"image\":{\"@id\":\"https:\/\/arborescence-design.com\/index.php\/evenements\/#primaryimage\"},\"thumbnailUrl\":\"https:\/\/arborescence-design.com\/wp-content\/uploads\/2021\/11\/salon-SPIC-1024x724.jpg\",\"datePublished\":\"2020-10-27T14:23:10+00:00\",\"dateModified\":\"2022-03-09T16:01:57+00:00\",\"breadcrumb\":{\"@id\":\"https:\/\/arborescence-design.com\/index.php\/evenements\/#breadcrumb\"},\"inLanguage\":\"fr-FR\",\"potentialAction\":[{\"@type\":\"ReadAction\",\"target\":[\"https:\/\/arborescence-design.com\/index.php\/evenements\/\"]}]},{\"@type\":\"ImageObject\",\"inLanguage\":\"fr-FR\",\"@id\":\"https:\/\/arborescence-design.com\/index.php\/evenements\/#primaryimage\",\"url\":\"https:\/\/arborescence-design.com\/wp-content\/uploads\/2021\/11\/salon-SPIC-scaled.jpg\",\"contentUrl\":\"https:\/\/arborescence-design.com\/wp-content\/uploads\/2021\/11\/salon-SPIC-scaled.jpg\",\"width\":2560,\"height\":1810},{\"@type\":\"BreadcrumbList\",\"@id\":\"https:\/\/arborescence-design.com\/index.php\/evenements\/#breadcrumb\",\"itemListElement\":[{\"@type\":\"ListItem\",\"position\":1,\"name\":\"Accueil\",\"item\":\"https:\/\/arborescence-design.com\/\"},{\"@type\":\"ListItem\",\"position\":2,\"name\":\"Evenements\"}]},{\"@type\":\"WebSite\",\"@id\":\"https:\/\/arborescence-design.com\/#website\",\"url\":\"https:\/\/arborescence-design.com\/\",\"name\":\"Arborescence Design\",\"description\":\"\",\"publisher\":{\"@id\":\"https:\/\/arborescence-design.com\/#organization\"},\"potentialAction\":[{\"@type\":\"SearchAction\",\"target\":{\"@type\":\"EntryPoint\",\"urlTemplate\":\"https:\/\/arborescence-design.com\/?s={search_term_string}\"},\"query-input\":{\"@type\":\"PropertyValueSpecification\",\"valueRequired\":true,\"valueName\":\"search_term_string\"}}],\"inLanguage\":\"fr-FR\"},{\"@type\":\"Organization\",\"@id\":\"https:\/\/arborescence-design.com\/#organization\",\"name\":\"Arborescence Design\",\"url\":\"https:\/\/arborescence-design.com\/\",\"logo\":{\"@type\":\"ImageObject\",\"inLanguage\":\"fr-FR\",\"@id\":\"https:\/\/arborescence-design.com\/#\/schema\/logo\/image\/\",\"url\":\"https:\/\/arborescence-design.com\/wp-content\/uploads\/2017\/09\/cropped-JPC_carre_matiere-1-e1504520823984.jpg\",\"contentUrl\":\"https:\/\/arborescence-design.com\/wp-content\/uploads\/2017\/09\/cropped-JPC_carre_matiere-1-e1504520823984.jpg\",\"width\":246,\"height\":250,\"caption\":\"Arborescence Design\"},\"image\":{\"@id\":\"https:\/\/arborescence-design.com\/#\/schema\/logo\/image\/\"}}]}<\/script>\n<!-- \/ Yoast SEO plugin. -->","yoast_head_json":{"title":"Evenements - Arborescence Design","robots":{"index":"index","follow":"follow","max-snippet":"max-snippet:-1","max-image-preview":"max-image-preview:large","max-video-preview":"max-video-preview:-1"},"canonical":"https:\/\/arborescence-design.com\/index.php\/evenements\/","og_locale":"fr_FR","og_type":"article","og_title":"Evenements - Arborescence Design","og_description":"Salon international du patrimoine culturel 2021 au carrousel du Louvre Du 28 au 31 octobre 2021 Salon week-end du design &amp; des Arts&nbsp;Au palais des congr\u00e8s de Juan les pins Du 3 au 5 d\u00e9cembre 2021 (stand 8) Maison &amp; objet 2022 paris &#8211; Craft-hall 5A-stand J21 Du 24 au 28 mars 2022","og_url":"https:\/\/arborescence-design.com\/index.php\/evenements\/","og_site_name":"Arborescence Design","article_modified_time":"2022-03-09T16:01:57+00:00","og_image":[{"url":"https:\/\/arborescence-design.com\/wp-content\/uploads\/2021\/11\/salon-SPIC-1024x724.jpg","type":"","width":"","height":""}],"twitter_card":"summary_large_image","twitter_misc":{"Dur\u00e9e de lecture estim\u00e9e":"2 minutes"},"schema":{"@context":"https:\/\/schema.org","@graph":[{"@type":"WebPage","@id":"https:\/\/arborescence-design.com\/index.php\/evenements\/","url":"https:\/\/arborescence-design.com\/index.php\/evenements\/","name":"Evenements - Arborescence Design","isPartOf":{"@id":"https:\/\/arborescence-design.com\/#website"},"primaryImageOfPage":{"@id":"https:\/\/arborescence-design.com\/index.php\/evenements\/#primaryimage"},"image":{"@id":"https:\/\/arborescence-design.com\/index.php\/evenements\/#primaryimage"},"thumbnailUrl":"https:\/\/arborescence-design.com\/wp-content\/uploads\/2021\/11\/salon-SPIC-1024x724.jpg","datePublished":"2020-10-27T14:23:10+00:00","dateModified":"2022-03-09T16:01:57+00:00","breadcrumb":{"@id":"https:\/\/arborescence-design.com\/index.php\/evenements\/#breadcrumb"},"inLanguage":"fr-FR","potentialAction":[{"@type":"ReadAction","target":["https:\/\/arborescence-design.com\/index.php\/evenements\/"]}]},{"@type":"ImageObject","inLanguage":"fr-FR","@id":"https:\/\/arborescence-design.com\/index.php\/evenements\/#primaryimage","url":"https:\/\/arborescence-design.com\/wp-content\/uploads\/2021\/11\/salon-SPIC-scaled.jpg","contentUrl":"https:\/\/arborescence-design.com\/wp-content\/uploads\/2021\/11\/salon-SPIC-scaled.jpg","width":2560,"height":1810},{"@type":"BreadcrumbList","@id":"https:\/\/arborescence-design.com\/index.php\/evenements\/#breadcrumb","itemListElement":[{"@type":"ListItem","position":1,"name":"Accueil","item":"https:\/\/arborescence-design.com\/"},{"@type":"ListItem","position":2,"name":"Evenements"}]},{"@type":"WebSite","@id":"https:\/\/arborescence-design.com\/#website","url":"https:\/\/arborescence-design.com\/","name":"Arborescence Design","description":"","publisher":{"@id":"https:\/\/arborescence-design.com\/#organization"},"potentialAction":[{"@type":"SearchAction","target":{"@type":"EntryPoint","urlTemplate":"https:\/\/arborescence-design.com\/?s={search_term_string}"},"query-input":{"@type":"PropertyValueSpecification","valueRequired":true,"valueName":"search_term_string"}}],"inLanguage":"fr-FR"},{"@type":"Organization","@id":"https:\/\/arborescence-design.com\/#organization","name":"Arborescence Design","url":"https:\/\/arborescence-design.com\/","logo":{"@type":"ImageObject","inLanguage":"fr-FR","@id":"https:\/\/arborescence-design.com\/#\/schema\/logo\/image\/","url":"https:\/\/arborescence-design.com\/wp-content\/uploads\/2017\/09\/cropped-JPC_carre_matiere-1-e1504520823984.jpg","contentUrl":"https:\/\/arborescence-design.com\/wp-content\/uploads\/2017\/09\/cropped-JPC_carre_matiere-1-e1504520823984.jpg","width":246,"height":250,"caption":"Arborescence Design"},"image":{"@id":"https:\/\/arborescence-design.com\/#\/schema\/logo\/image\/"}}]}},"_links":{"self":[{"href":"https:\/\/arborescence-design.com\/index.php\/wp-json\/wp\/v2\/pages\/627","targetHints":{"allow":["GET"]}}],"collection":[{"href":"https:\/\/arborescence-design.com\/index.php\/wp-json\/wp\/v2\/pages"}],"about":[{"href":"https:\/\/arborescence-design.com\/index.php\/wp-json\/wp\/v2\/types\/page"}],"author":[{"embeddable":true,"href":"https:\/\/arborescence-design.com\/index.php\/wp-json\/wp\/v2\/users\/2"}],"replies":[{"embeddable":true,"href":"https:\/\/arborescence-design.com\/index.php\/wp-json\/wp\/v2\/comments?post=627"}],"version-history":[{"count":26,"href":"https:\/\/arborescence-design.com\/index.php\/wp-json\/wp\/v2\/pages\/627\/revisions"}],"predecessor-version":[{"id":848,"href":"https:\/\/arborescence-design.com\/index.php\/wp-json\/wp\/v2\/pages\/627\/revisions\/848"}],"wp:attachment":[{"href":"https:\/\/arborescence-design.com\/index.php\/wp-json\/wp\/v2\/media?parent=627"}],"curies":[{"name":"wp","href":"https:\/\/api.w.org\/{rel}","templated":true}]}}